{"id":3561,"date":"2023-10-30T10:07:06","date_gmt":"2023-10-30T10:07:06","guid":{"rendered":"https:\/\/infra-test-asdecors.spotmyweb.fr\/?page_id=3561"},"modified":"2026-08-31T10:06:30","modified_gmt":"2026-08-31T10:06:30","slug":"agenda-salons-professionnels","status":"publish","type":"page","link":"https:\/\/lasdecors.fr\/en\/agenda-salons-professionnels\/","title":{"rendered":"Calendar"},"content":{"rendered":"<div data-elementor-type=\"wp-page\" data-elementor-id=\"3561\" class=\"elementor elementor-3561\" data-elementor-post-type=\"page\">\n\t\t\t\t<div class=\"elementor-element elementor-element-e42eae9 e-flex e-con-boxed wpr-particle-no wpr-jarallax-no wpr-parallax-no wpr-sticky-section-no wpr-column-slider-no wpr-equal-height-no e-con e-parent\" data-id=\"e42eae9\" data-element_type=\"container\" data-e-type=\"container\" data-settings=\"{&quot;background_background&quot;:&quot;classic&quot;}\">\n\t\t\t\t\t<div class=\"e-con-inner\">\n\t\t\t\t<div class=\"elementor-element elementor-element-00fd609 elementor-widget elementor-widget-spacer\" data-id=\"00fd609\" data-element_type=\"widget\" data-e-type=\"widget\" data-widget_type=\"spacer.default\">\n\t\t\t\t<div class=\"elementor-widget-container\">\n\t\t\t\t\t\t\t<div class=\"elementor-spacer\">\n\t\t\t<div class=\"elementor-spacer-inner\"><\/div>\n\t\t<\/div>\n\t\t\t\t\t\t<\/div>\n\t\t\t\t<\/div>\n\t\t\t\t<div class=\"elementor-element elementor-element-803b0ae elementor-widget elementor-widget-heading\" data-id=\"803b0ae\" data-element_type=\"widget\" data-e-type=\"widget\" data-widget_type=\"heading.default\">\n\t\t\t\t<div class=\"elementor-widget-container\">\n\t\t\t\t\t<h1 class=\"elementor-heading-title elementor-size-default\">AGENDA DES SALONS <br>PROFESSIONELS<\/h1>\t\t\t\t<\/div>\n\t\t\t\t<\/div>\n\t\t\t\t<div class=\"elementor-element elementor-element-872a366 elementor-widget elementor-widget-spacer\" data-id=\"872a366\" data-element_type=\"widget\" data-e-type=\"widget\" data-widget_type=\"spacer.default\">\n\t\t\t\t<div class=\"elementor-widget-container\">\n\t\t\t\t\t\t\t<div class=\"elementor-spacer\">\n\t\t\t<div class=\"elementor-spacer-inner\"><\/div>\n\t\t<\/div>\n\t\t\t\t\t\t<\/div>\n\t\t\t\t<\/div>\n\t\t\t\t\t<\/div>\n\t\t\t\t<\/div>\n\t\t<div class=\"elementor-element elementor-element-00babc8 e-flex e-con-boxed wpr-particle-no wpr-jarallax-no wpr-parallax-no wpr-sticky-section-no wpr-column-slider-no wpr-equal-height-no e-con e-parent\" data-id=\"00babc8\" data-element_type=\"container\" data-e-type=\"container\">\n\t\t\t\t\t<div class=\"e-con-inner\">\n\t\t\t\t<div class=\"elementor-element elementor-element-a116e64 elementor-widget elementor-widget-heading\" data-id=\"a116e64\" data-element_type=\"widget\" data-e-type=\"widget\" data-widget_type=\"heading.default\">\n\t\t\t\t<div class=\"elementor-widget-container\">\n\t\t\t\t\t<h2 class=\"elementor-heading-title elementor-size-default\">SALONS De l'automne<\/h2>\t\t\t\t<\/div>\n\t\t\t\t<\/div>\n\t\t<div class=\"elementor-element elementor-element-b0fdab7 e-con-full e-flex wpr-particle-no wpr-jarallax-no wpr-parallax-no wpr-sticky-section-no wpr-column-slider-no wpr-equal-height-no e-con e-child\" data-id=\"b0fdab7\" data-element_type=\"container\" data-e-type=\"container\">\n\t\t\t\t<div class=\"elementor-element elementor-element-9ee1383 elementor-widget elementor-widget-heading\" data-id=\"9ee1383\" data-element_type=\"widget\" data-e-type=\"widget\" data-widget_type=\"heading.default\">\n\t\t\t\t<div class=\"elementor-widget-container\">\n\t\t\t\t\t<h2 class=\"elementor-heading-title elementor-size-default\">Salons de Septembre<\/h2>\t\t\t\t<\/div>\n\t\t\t\t<\/div>\n\t\t\t\t<div class=\"elementor-element elementor-element-eb9f5fa elementor-posts--align-left elementor-grid-3 elementor-grid-tablet-2 elementor-grid-mobile-1 elementor-posts--thumbnail-top elementor-card-shadow-yes elementor-posts__hover-gradient elementor-widget elementor-widget-posts\" data-id=\"eb9f5fa\" data-element_type=\"widget\" data-e-type=\"widget\" data-settings=\"{&quot;cards_columns&quot;:&quot;3&quot;,&quot;cards_columns_tablet&quot;:&quot;2&quot;,&quot;cards_columns_mobile&quot;:&quot;1&quot;,&quot;cards_row_gap&quot;:{&quot;unit&quot;:&quot;px&quot;,&quot;size&quot;:35,&quot;sizes&quot;:[]},&quot;cards_row_gap_tablet&quot;:{&quot;unit&quot;:&quot;px&quot;,&quot;size&quot;:&quot;&quot;,&quot;sizes&quot;:[]},&quot;cards_row_gap_mobile&quot;:{&quot;unit&quot;:&quot;px&quot;,&quot;size&quot;:&quot;&quot;,&quot;sizes&quot;:[]}}\" data-widget_type=\"posts.cards\">\n\t\t\t\t<div class=\"elementor-widget-container\">\n\t\t\t\t\t\t\t<div class=\"elementor-posts-container elementor-posts elementor-posts--skin-cards elementor-grid\" role=\"list\">\n\t\t\t\t<article class=\"elementor-post elementor-grid-item post-5441 post type-post status-publish format-standard has-post-thumbnail hentry category-salon category-salons-septembre\" role=\"listitem\">\n\t\t\t<div class=\"elementor-post__card\">\n\t\t\t\t<a class=\"elementor-post__thumbnail__link\" href=\"https:\/\/lasdecors.fr\/en\/standiste-pour-le-tfwa-cannes\/\" tabindex=\"-1\" ><div class=\"elementor-post__thumbnail\"><img fetchpriority=\"high\" decoding=\"async\" width=\"800\" height=\"600\" src=\"https:\/\/lasdecors.fr\/wp-content\/uploads\/2026\/03\/BACARDI_TFWA-1024x768.png\" class=\"attachment-large size-large wp-image-7444\" alt=\"\" srcset=\"https:\/\/lasdecors.fr\/wp-content\/uploads\/2026\/03\/BACARDI_TFWA-1024x768.png 1024w, https:\/\/lasdecors.fr\/wp-content\/uploads\/2026\/03\/BACARDI_TFWA-300x225.png 300w, https:\/\/lasdecors.fr\/wp-content\/uploads\/2026\/03\/BACARDI_TFWA-768x576.png 768w, https:\/\/lasdecors.fr\/wp-content\/uploads\/2026\/03\/BACARDI_TFWA-1536x1152.png 1536w, https:\/\/lasdecors.fr\/wp-content\/uploads\/2026\/03\/BACARDI_TFWA.png 1600w\" sizes=\"(max-width: 800px) 100vw, 800px\" title=\"\"><\/div><\/a>\n\t\t\t\t<div class=\"elementor-post__badge\">Salon<\/div>\n\t\t\t\t<div class=\"elementor-post__text\">\n\t\t\t\t<h3 class=\"elementor-post__title\">\n\t\t\t<a href=\"https:\/\/lasdecors.fr\/en\/standiste-pour-le-tfwa-cannes\/\" >\n\t\t\t\tLe TFWA 2026\t\t\t<\/a>\n\t\t<\/h3>\n\t\t\t\t<div class=\"elementor-post__excerpt\">\n\t\t\t<p>Le TFWA, c\u2019est le rendez-vous des grandes marques internationales du duty free et du travel retail. Du 27 septembre au 1er octobre 2026 au Palais des Festivals de Cannes.<br \/>\nRetrouvez comment nous pouvons vous aider en tant que standiste pour le TFWA !<\/p>\n\t\t<\/div>\n\t\t\n\t\t<a class=\"elementor-post__read-more\" href=\"https:\/\/lasdecors.fr\/en\/standiste-pour-le-tfwa-cannes\/\" aria-label=\"Read more about Le TFWA 2026\" tabindex=\"-1\" >\n\t\t\tD\u00c9COUVRIR MAINTENANT\t\t<\/a>\n\n\t\t\t\t<\/div>\n\t\t\t\t\t<\/div>\n\t\t<\/article>\n\t\t\t\t<article class=\"elementor-post elementor-grid-item post-5392 post type-post status-publish format-standard has-post-thumbnail hentry category-salon category-salons-septembre\" role=\"listitem\">\n\t\t\t<div class=\"elementor-post__card\">\n\t\t\t\t<a class=\"elementor-post__thumbnail__link\" href=\"https:\/\/lasdecors.fr\/en\/standiste-pour-batimat-2026-as-decors\/\" tabindex=\"-1\" ><div class=\"elementor-post__thumbnail\"><img decoding=\"async\" width=\"800\" height=\"600\" src=\"https:\/\/lasdecors.fr\/wp-content\/uploads\/2026\/02\/SEMIN_BATIMAT.jpg\" class=\"attachment-large size-large wp-image-7070\" alt=\"\" srcset=\"https:\/\/lasdecors.fr\/wp-content\/uploads\/2026\/02\/SEMIN_BATIMAT.jpg 1000w, https:\/\/lasdecors.fr\/wp-content\/uploads\/2026\/02\/SEMIN_BATIMAT-300x225.jpg 300w, https:\/\/lasdecors.fr\/wp-content\/uploads\/2026\/02\/SEMIN_BATIMAT-768x576.jpg 768w\" sizes=\"(max-width: 800px) 100vw, 800px\" title=\"\"><\/div><\/a>\n\t\t\t\t<div class=\"elementor-post__badge\">Salon<\/div>\n\t\t\t\t<div class=\"elementor-post__text\">\n\t\t\t\t<h3 class=\"elementor-post__title\">\n\t\t\t<a href=\"https:\/\/lasdecors.fr\/en\/standiste-pour-batimat-2026-as-decors\/\" >\n\t\t\t\tBatimat 2026\t\t\t<\/a>\n\t\t<\/h3>\n\t\t\t\t<div class=\"elementor-post__excerpt\">\n\t\t\t<p>Le salon BATIMAT est devenu le rendez-vous de r\u00e9f\u00e9rence pour les professionels du b\u00e2timent, de l\u2019architecture et de la construction. Du 28 septembre au 1er octobre 2026 \u00e0 Paris Porte de Versailles.<br \/>\nRetrouvez comment nous pouvons vous aider en tant que standiste pour Batimat !<\/p>\n\t\t<\/div>\n\t\t\n\t\t<a class=\"elementor-post__read-more\" href=\"https:\/\/lasdecors.fr\/en\/standiste-pour-batimat-2026-as-decors\/\" aria-label=\"Read more about Batimat 2026\" tabindex=\"-1\" >\n\t\t\tD\u00c9COUVRIR MAINTENANT\t\t<\/a>\n\n\t\t\t\t<\/div>\n\t\t\t\t\t<\/div>\n\t\t<\/article>\n\t\t\t\t<article class=\"elementor-post elementor-grid-item post-6206 post type-post status-publish format-standard has-post-thumbnail hentry category-salon category-salons-janvier category-salons-septembre\" role=\"listitem\">\n\t\t\t<div class=\"elementor-post__card\">\n\t\t\t\t<a class=\"elementor-post__thumbnail__link\" href=\"https:\/\/lasdecors.fr\/en\/standiste-pour-maison-objet\/\" tabindex=\"-1\" ><div class=\"elementor-post__thumbnail\"><img decoding=\"async\" width=\"800\" height=\"534\" src=\"https:\/\/lasdecors.fr\/wp-content\/uploads\/2025\/11\/OPJET_MAISONOBJET-1024x683.jpg\" class=\"attachment-large size-large wp-image-6208\" alt=\"\" srcset=\"https:\/\/lasdecors.fr\/wp-content\/uploads\/2025\/11\/OPJET_MAISONOBJET-1024x683.jpg 1024w, https:\/\/lasdecors.fr\/wp-content\/uploads\/2025\/11\/OPJET_MAISONOBJET-300x200.jpg 300w, https:\/\/lasdecors.fr\/wp-content\/uploads\/2025\/11\/OPJET_MAISONOBJET-768x512.jpg 768w, https:\/\/lasdecors.fr\/wp-content\/uploads\/2025\/11\/OPJET_MAISONOBJET-1536x1024.jpg 1536w, https:\/\/lasdecors.fr\/wp-content\/uploads\/2025\/11\/OPJET_MAISONOBJET.jpg 1800w\" sizes=\"(max-width: 800px) 100vw, 800px\" title=\"\"><\/div><\/a>\n\t\t\t\t<div class=\"elementor-post__badge\">Salon<\/div>\n\t\t\t\t<div class=\"elementor-post__text\">\n\t\t\t\t<h3 class=\"elementor-post__title\">\n\t\t\t<a href=\"https:\/\/lasdecors.fr\/en\/standiste-pour-maison-objet\/\" >\n\t\t\t\tMaison &#038; Objet 2026\/2027\t\t\t<\/a>\n\t\t<\/h3>\n\t\t\t\t<div class=\"elementor-post__excerpt\">\n\t\t\t<p>Le salon Maison &#038; Objet, c\u2019est l\u2019\u00e9v\u00e9nement international de la fili\u00e8re de la d\u00e9coration, du design et de l\u2019art de vivre. Du 10 au 14 septembre 2026 et du 14 au 18 janvier 2027 au parc des expositions de Villepinte.<br \/>\nRetrouvez comment nous pouvons vous aider en tant que Standiste pour Maison &#038; Objet !<\/p>\n\t\t<\/div>\n\t\t\n\t\t<a class=\"elementor-post__read-more\" href=\"https:\/\/lasdecors.fr\/en\/standiste-pour-maison-objet\/\" aria-label=\"Read more about Maison &#038; Objet 2026\/2027\" tabindex=\"-1\" >\n\t\t\tD\u00c9COUVRIR MAINTENANT\t\t<\/a>\n\n\t\t\t\t<\/div>\n\t\t\t\t\t<\/div>\n\t\t<\/article>\n\t\t\t\t<\/div>\n\t\t\n\t\t\t\t\t\t<\/div>\n\t\t\t\t<\/div>\n\t\t\t\t<\/div>\n\t\t<div class=\"elementor-element elementor-element-f1ac9e7 e-con-full e-flex wpr-particle-no wpr-jarallax-no wpr-parallax-no wpr-sticky-section-no wpr-column-slider-no wpr-equal-height-no e-con e-child\" data-id=\"f1ac9e7\" data-element_type=\"container\" data-e-type=\"container\">\n\t\t<div class=\"elementor-element elementor-element-ac63424 e-con-full e-flex wpr-particle-no wpr-jarallax-no wpr-parallax-no wpr-sticky-section-no wpr-column-slider-no wpr-equal-height-no e-con e-child\" data-id=\"ac63424\" data-element_type=\"container\" data-e-type=\"container\">\n\t\t\t\t<div class=\"elementor-element elementor-element-874c4aa elementor-widget elementor-widget-heading\" data-id=\"874c4aa\" data-element_type=\"widget\" data-e-type=\"widget\" data-widget_type=\"heading.default\">\n\t\t\t\t<div class=\"elementor-widget-container\">\n\t\t\t\t\t<h2 class=\"elementor-heading-title elementor-size-default\">Salons d'octobre<\/h2>\t\t\t\t<\/div>\n\t\t\t\t<\/div>\n\t\t\t\t<div class=\"elementor-element elementor-element-cd635b5 elementor-posts--align-left elementor-grid-1 elementor-grid-tablet-2 elementor-grid-mobile-1 elementor-posts--thumbnail-top elementor-card-shadow-yes elementor-posts__hover-gradient elementor-widget elementor-widget-posts\" data-id=\"cd635b5\" data-element_type=\"widget\" data-e-type=\"widget\" data-settings=\"{&quot;cards_columns&quot;:&quot;1&quot;,&quot;cards_columns_tablet&quot;:&quot;2&quot;,&quot;cards_columns_mobile&quot;:&quot;1&quot;,&quot;cards_row_gap&quot;:{&quot;unit&quot;:&quot;px&quot;,&quot;size&quot;:35,&quot;sizes&quot;:[]},&quot;cards_row_gap_tablet&quot;:{&quot;unit&quot;:&quot;px&quot;,&quot;size&quot;:&quot;&quot;,&quot;sizes&quot;:[]},&quot;cards_row_gap_mobile&quot;:{&quot;unit&quot;:&quot;px&quot;,&quot;size&quot;:&quot;&quot;,&quot;sizes&quot;:[]}}\" data-widget_type=\"posts.cards\">\n\t\t\t\t<div class=\"elementor-widget-container\">\n\t\t\t\t\t\t\t<div class=\"elementor-posts-container elementor-posts elementor-posts--skin-cards elementor-grid\" role=\"list\">\n\t\t\t\t<article class=\"elementor-post elementor-grid-item post-5596 post type-post status-publish format-standard has-post-thumbnail hentry category-salon category-salons-octobre tag-agenda\" role=\"listitem\">\n\t\t\t<div class=\"elementor-post__card\">\n\t\t\t\t<a class=\"elementor-post__thumbnail__link\" href=\"https:\/\/lasdecors.fr\/en\/salon-pollutec-standiste\/\" tabindex=\"-1\" ><div class=\"elementor-post__thumbnail\"><img loading=\"lazy\" decoding=\"async\" width=\"800\" height=\"600\" src=\"https:\/\/lasdecors.fr\/wp-content\/uploads\/2025\/09\/JONESCO_Pollutec_1-1024x768.png\" class=\"attachment-large size-large wp-image-7650\" alt=\"\" srcset=\"https:\/\/lasdecors.fr\/wp-content\/uploads\/2025\/09\/JONESCO_Pollutec_1-1024x768.png 1024w, https:\/\/lasdecors.fr\/wp-content\/uploads\/2025\/09\/JONESCO_Pollutec_1-300x225.png 300w, https:\/\/lasdecors.fr\/wp-content\/uploads\/2025\/09\/JONESCO_Pollutec_1-768x576.png 768w, https:\/\/lasdecors.fr\/wp-content\/uploads\/2025\/09\/JONESCO_Pollutec_1-1536x1152.png 1536w, https:\/\/lasdecors.fr\/wp-content\/uploads\/2025\/09\/JONESCO_Pollutec_1.png 1600w\" sizes=\"(max-width: 800px) 100vw, 800px\" title=\"\"><\/div><\/a>\n\t\t\t\t<div class=\"elementor-post__badge\">Salon<\/div>\n\t\t\t\t<div class=\"elementor-post__text\">\n\t\t\t\t<h3 class=\"elementor-post__title\">\n\t\t\t<a href=\"https:\/\/lasdecors.fr\/en\/salon-pollutec-standiste\/\" >\n\t\t\t\tPollutec 2027\t\t\t<\/a>\n\t\t<\/h3>\n\t\t\t\t<div class=\"elementor-post__excerpt\">\n\t\t\t<p>Le salon Pollutec, c\u2019est le rendez-vous des acteurs engag\u00e9s en faveur de l\u2019environnement. Du 12 au 15 octobre 2027 \u00e0 Eurexpo Lyon.<br \/>\nRetrouvez comment nous pouvons vous aider en tant que standiste pour Pollutec !<\/p>\n\t\t<\/div>\n\t\t\n\t\t<a class=\"elementor-post__read-more\" href=\"https:\/\/lasdecors.fr\/en\/salon-pollutec-standiste\/\" aria-label=\"Read more about Pollutec 2027\" tabindex=\"-1\" >\n\t\t\tD\u00c9COUVRIR MAINTENANT\t\t<\/a>\n\n\t\t\t\t<\/div>\n\t\t\t\t\t<\/div>\n\t\t<\/article>\n\t\t\t\t<\/div>\n\t\t\n\t\t\t\t\t\t<\/div>\n\t\t\t\t<\/div>\n\t\t\t\t<\/div>\n\t\t<div class=\"elementor-element elementor-element-d3ad5af e-con-full e-flex wpr-particle-no wpr-jarallax-no wpr-parallax-no wpr-sticky-section-no wpr-column-slider-no wpr-equal-height-no e-con e-child\" data-id=\"d3ad5af\" data-element_type=\"container\" data-e-type=\"container\">\n\t\t\t\t<div class=\"elementor-element elementor-element-c209387 elementor-widget elementor-widget-heading\" data-id=\"c209387\" data-element_type=\"widget\" data-e-type=\"widget\" data-widget_type=\"heading.default\">\n\t\t\t\t<div class=\"elementor-widget-container\">\n\t\t\t\t\t<h2 class=\"elementor-heading-title elementor-size-default\">Salons de novembre<\/h2>\t\t\t\t<\/div>\n\t\t\t\t<\/div>\n\t\t\t\t<div class=\"elementor-element elementor-element-b4165f6 elementor-posts--align-left elementor-grid-2 elementor-grid-tablet-2 elementor-grid-mobile-1 elementor-posts--thumbnail-top elementor-card-shadow-yes elementor-posts__hover-gradient elementor-widget elementor-widget-posts\" data-id=\"b4165f6\" data-element_type=\"widget\" data-e-type=\"widget\" data-settings=\"{&quot;cards_columns&quot;:&quot;2&quot;,&quot;cards_columns_tablet&quot;:&quot;2&quot;,&quot;cards_columns_mobile&quot;:&quot;1&quot;,&quot;cards_row_gap&quot;:{&quot;unit&quot;:&quot;px&quot;,&quot;size&quot;:35,&quot;sizes&quot;:[]},&quot;cards_row_gap_tablet&quot;:{&quot;unit&quot;:&quot;px&quot;,&quot;size&quot;:&quot;&quot;,&quot;sizes&quot;:[]},&quot;cards_row_gap_mobile&quot;:{&quot;unit&quot;:&quot;px&quot;,&quot;size&quot;:&quot;&quot;,&quot;sizes&quot;:[]}}\" data-widget_type=\"posts.cards\">\n\t\t\t\t<div class=\"elementor-widget-container\">\n\t\t\t\t\t\t\t<div class=\"elementor-posts-container elementor-posts elementor-posts--skin-cards elementor-grid\" role=\"list\">\n\t\t\t\t<article class=\"elementor-post elementor-grid-item post-7867 post type-post status-publish format-standard has-post-thumbnail hentry category-salon category-salons-novembre\" role=\"listitem\">\n\t\t\t<div class=\"elementor-post__card\">\n\t\t\t\t<a class=\"elementor-post__thumbnail__link\" href=\"https:\/\/lasdecors.fr\/en\/standiste-pour-le-salon-de-la-copropriete\/\" tabindex=\"-1\" ><div class=\"elementor-post__thumbnail\"><img loading=\"lazy\" decoding=\"async\" width=\"800\" height=\"600\" src=\"https:\/\/lasdecors.fr\/wp-content\/uploads\/2026\/02\/URMET.jpg\" class=\"attachment-large size-large wp-image-7000\" alt=\"\" srcset=\"https:\/\/lasdecors.fr\/wp-content\/uploads\/2026\/02\/URMET.jpg 1000w, https:\/\/lasdecors.fr\/wp-content\/uploads\/2026\/02\/URMET-300x225.jpg 300w, https:\/\/lasdecors.fr\/wp-content\/uploads\/2026\/02\/URMET-768x576.jpg 768w\" sizes=\"(max-width: 800px) 100vw, 800px\" title=\"\"><\/div><\/a>\n\t\t\t\t<div class=\"elementor-post__badge\">Salon<\/div>\n\t\t\t\t<div class=\"elementor-post__text\">\n\t\t\t\t<h3 class=\"elementor-post__title\">\n\t\t\t<a href=\"https:\/\/lasdecors.fr\/en\/standiste-pour-le-salon-de-la-copropriete\/\" >\n\t\t\t\tLe salon de La copropri\u00e9t\u00e9 2026\t\t\t<\/a>\n\t\t<\/h3>\n\t\t\t\t<div class=\"elementor-post__excerpt\">\n\t\t\t<p>Le Salon de la Copropri\u00e9t\u00e9, c\u2019est le rendez-vous incontournable des syndics, copropri\u00e9taires, professionnels de l&rsquo;immobilier et \u00e9quipementiers du secteur de l&rsquo;habitat. Rendez-vous en novembre 2026 \u00e0 Paris Porte de Versailles.<br \/>\nD\u00e9couvrez comment nous pouvons valoriser votre expertise et vos solutions en tant que standiste pour le Salon de la Copropri\u00e9t\u00e9 !<\/p>\n\t\t<\/div>\n\t\t\n\t\t<a class=\"elementor-post__read-more\" href=\"https:\/\/lasdecors.fr\/en\/standiste-pour-le-salon-de-la-copropriete\/\" aria-label=\"Read more about Le salon de La copropri\u00e9t\u00e9 2026\" tabindex=\"-1\" >\n\t\t\tD\u00c9COUVRIR MAINTENANT\t\t<\/a>\n\n\t\t\t\t<\/div>\n\t\t\t\t\t<\/div>\n\t\t<\/article>\n\t\t\t\t<article class=\"elementor-post elementor-grid-item post-5504 post type-post status-publish format-standard has-post-thumbnail hentry category-salon category-salons-novembre tag-agenda\" role=\"listitem\">\n\t\t\t<div class=\"elementor-post__card\">\n\t\t\t\t<a class=\"elementor-post__thumbnail__link\" href=\"https:\/\/lasdecors.fr\/en\/salon-equiphotel-standiste\/\" tabindex=\"-1\" ><div class=\"elementor-post__thumbnail\"><img loading=\"lazy\" decoding=\"async\" width=\"800\" height=\"600\" src=\"https:\/\/lasdecors.fr\/wp-content\/uploads\/2025\/09\/STEAMONE_EQUIPHOTEL-1024x768.jpg\" class=\"attachment-large size-large wp-image-7859\" alt=\"\" srcset=\"https:\/\/lasdecors.fr\/wp-content\/uploads\/2025\/09\/STEAMONE_EQUIPHOTEL-1024x768.jpg 1024w, https:\/\/lasdecors.fr\/wp-content\/uploads\/2025\/09\/STEAMONE_EQUIPHOTEL-300x225.jpg 300w, https:\/\/lasdecors.fr\/wp-content\/uploads\/2025\/09\/STEAMONE_EQUIPHOTEL-768x576.jpg 768w, https:\/\/lasdecors.fr\/wp-content\/uploads\/2025\/09\/STEAMONE_EQUIPHOTEL-1536x1152.jpg 1536w, https:\/\/lasdecors.fr\/wp-content\/uploads\/2025\/09\/STEAMONE_EQUIPHOTEL.jpg 1600w\" sizes=\"(max-width: 800px) 100vw, 800px\" title=\"\"><\/div><\/a>\n\t\t\t\t<div class=\"elementor-post__badge\">Salon<\/div>\n\t\t\t\t<div class=\"elementor-post__text\">\n\t\t\t\t<h3 class=\"elementor-post__title\">\n\t\t\t<a href=\"https:\/\/lasdecors.fr\/en\/salon-equiphotel-standiste\/\" >\n\t\t\t\tEquipHotel 2026\t\t\t<\/a>\n\t\t<\/h3>\n\t\t\t\t<div class=\"elementor-post__excerpt\">\n\t\t\t<p>Le salon EquipHotel, c\u2019est le rendez-vous international des professionels de l\u2019h\u00f4tellerie et restauration. Du 2 au 5 novembre 2026 \u00e0 Paris \u2013 Porte de Versailles.<br \/>\nRetrouvez comment nous pouvons vous aider en tant que standiste pour EquipHotel !<\/p>\n\t\t<\/div>\n\t\t\n\t\t<a class=\"elementor-post__read-more\" href=\"https:\/\/lasdecors.fr\/en\/salon-equiphotel-standiste\/\" aria-label=\"Read more about EquipHotel 2026\" tabindex=\"-1\" >\n\t\t\tD\u00c9COUVRIR MAINTENANT\t\t<\/a>\n\n\t\t\t\t<\/div>\n\t\t\t\t\t<\/div>\n\t\t<\/article>\n\t\t\t\t<\/div>\n\t\t\n\t\t\t\t\t\t<\/div>\n\t\t\t\t<\/div>\n\t\t\t\t<\/div>\n\t\t\t\t<\/div>\n\t\t\t\t<div class=\"elementor-element elementor-element-848b15c elementor-widget elementor-widget-spacer\" data-id=\"848b15c\" data-element_type=\"widget\" data-e-type=\"widget\" data-widget_type=\"spacer.default\">\n\t\t\t\t<div class=\"elementor-widget-container\">\n\t\t\t\t\t\t\t<div class=\"elementor-spacer\">\n\t\t\t<div class=\"elementor-spacer-inner\"><\/div>\n\t\t<\/div>\n\t\t\t\t\t\t<\/div>\n\t\t\t\t<\/div>\n\t\t\t\t\t<\/div>\n\t\t\t\t<\/div>\n\t\t<div class=\"elementor-element elementor-element-8c9b467 e-con-full e-flex wpr-particle-no wpr-jarallax-no wpr-parallax-no wpr-sticky-section-no wpr-column-slider-no wpr-equal-height-no e-con e-parent\" data-id=\"8c9b467\" data-element_type=\"container\" data-e-type=\"container\">\n\t\t\t\t<div class=\"elementor-element elementor-element-9436d0f elementor-widget elementor-widget-heading\" data-id=\"9436d0f\" data-element_type=\"widget\" data-e-type=\"widget\" data-widget_type=\"heading.default\">\n\t\t\t\t<div class=\"elementor-widget-container\">\n\t\t\t\t\t<h2 class=\"elementor-heading-title elementor-size-default\">SALONS DE L'HIVER<\/h2>\t\t\t\t<\/div>\n\t\t\t\t<\/div>\n\t\t<div class=\"elementor-element elementor-element-1669fee e-con-full e-flex wpr-particle-no wpr-jarallax-no wpr-parallax-no wpr-sticky-section-no wpr-column-slider-no wpr-equal-height-no e-con e-child\" data-id=\"1669fee\" data-element_type=\"container\" data-e-type=\"container\">\n\t\t<div class=\"elementor-element elementor-element-f686102 e-con-full e-flex wpr-particle-no wpr-jarallax-no wpr-parallax-no wpr-sticky-section-no wpr-column-slider-no wpr-equal-height-no e-con e-child\" data-id=\"f686102\" data-element_type=\"container\" data-e-type=\"container\">\n\t\t\t\t<div class=\"elementor-element elementor-element-ee8cb9f elementor-widget elementor-widget-heading\" data-id=\"ee8cb9f\" data-element_type=\"widget\" data-e-type=\"widget\" data-widget_type=\"heading.default\">\n\t\t\t\t<div class=\"elementor-widget-container\">\n\t\t\t\t\t<h2 class=\"elementor-heading-title elementor-size-default\">Salons de d\u00e9cembre<\/h2>\t\t\t\t<\/div>\n\t\t\t\t<\/div>\n\t\t\t\t<div class=\"elementor-element elementor-element-4e5043e elementor-grid-1 elementor-posts--align-left elementor-grid-tablet-2 elementor-grid-mobile-1 elementor-posts--thumbnail-top elementor-card-shadow-yes elementor-posts__hover-gradient elementor-widget elementor-widget-posts\" data-id=\"4e5043e\" data-element_type=\"widget\" data-e-type=\"widget\" data-settings=\"{&quot;cards_columns&quot;:&quot;1&quot;,&quot;cards_columns_tablet&quot;:&quot;2&quot;,&quot;cards_columns_mobile&quot;:&quot;1&quot;,&quot;cards_row_gap&quot;:{&quot;unit&quot;:&quot;px&quot;,&quot;size&quot;:35,&quot;sizes&quot;:[]},&quot;cards_row_gap_tablet&quot;:{&quot;unit&quot;:&quot;px&quot;,&quot;size&quot;:&quot;&quot;,&quot;sizes&quot;:[]},&quot;cards_row_gap_mobile&quot;:{&quot;unit&quot;:&quot;px&quot;,&quot;size&quot;:&quot;&quot;,&quot;sizes&quot;:[]}}\" data-widget_type=\"posts.cards\">\n\t\t\t\t<div class=\"elementor-widget-container\">\n\t\t\t\t\t\t\t<div class=\"elementor-posts-container elementor-posts elementor-posts--skin-cards elementor-grid\" role=\"list\">\n\t\t\t\t<article class=\"elementor-post elementor-grid-item post-6980 post type-post status-publish format-standard has-post-thumbnail hentry category-salon category-salons-decembre\" role=\"listitem\">\n\t\t\t<div class=\"elementor-post__card\">\n\t\t\t\t<a class=\"elementor-post__thumbnail__link\" href=\"https:\/\/lasdecors.fr\/en\/standiste-pour-energaia-2026-as-decors\/\" tabindex=\"-1\" ><div class=\"elementor-post__thumbnail\"><img loading=\"lazy\" decoding=\"async\" width=\"800\" height=\"600\" src=\"https:\/\/lasdecors.fr\/wp-content\/uploads\/2026\/02\/EQUANS_ENERGAIA_1.jpg\" class=\"attachment-large size-large wp-image-6982\" alt=\"Standiste pour EnerGa\u00efa\" srcset=\"https:\/\/lasdecors.fr\/wp-content\/uploads\/2026\/02\/EQUANS_ENERGAIA_1.jpg 1000w, https:\/\/lasdecors.fr\/wp-content\/uploads\/2026\/02\/EQUANS_ENERGAIA_1-300x225.jpg 300w, https:\/\/lasdecors.fr\/wp-content\/uploads\/2026\/02\/EQUANS_ENERGAIA_1-768x576.jpg 768w\" sizes=\"(max-width: 800px) 100vw, 800px\" title=\"\"><\/div><\/a>\n\t\t\t\t<div class=\"elementor-post__badge\">Salon<\/div>\n\t\t\t\t<div class=\"elementor-post__text\">\n\t\t\t\t<h3 class=\"elementor-post__title\">\n\t\t\t<a href=\"https:\/\/lasdecors.fr\/en\/standiste-pour-energaia-2026-as-decors\/\" >\n\t\t\t\tEnerGa\u00efa 2026\t\t\t<\/a>\n\t\t<\/h3>\n\t\t\t\t<div class=\"elementor-post__excerpt\">\n\t\t\t<p>Le salon EnerGa\u00efa est le rendez-vous incontournable des \u00e9nergies renouvelables. Retrouvez comment nous pouvons vous aider en tant que standiste pour EnerGa\u00efa !<br \/>\nDu 9 au 10 d\u00e9cembre 2026 au Parc des Expositions de Montpellier en France.<\/p>\n\t\t<\/div>\n\t\t\n\t\t<a class=\"elementor-post__read-more\" href=\"https:\/\/lasdecors.fr\/en\/standiste-pour-energaia-2026-as-decors\/\" aria-label=\"Read more about EnerGa\u00efa 2026\" tabindex=\"-1\" >\n\t\t\tD\u00c9COUVRIR MAINTENANT\t\t<\/a>\n\n\t\t\t\t<\/div>\n\t\t\t\t\t<\/div>\n\t\t<\/article>\n\t\t\t\t<\/div>\n\t\t\n\t\t\t\t\t\t<\/div>\n\t\t\t\t<\/div>\n\t\t\t\t<\/div>\n\t\t<div class=\"elementor-element elementor-element-dca9c26 e-con-full e-flex wpr-particle-no wpr-jarallax-no wpr-parallax-no wpr-sticky-section-no wpr-column-slider-no wpr-equal-height-no e-con e-child\" data-id=\"dca9c26\" data-element_type=\"container\" data-e-type=\"container\">\n\t\t\t\t<div class=\"elementor-element elementor-element-f4fd88a elementor-widget elementor-widget-heading\" data-id=\"f4fd88a\" data-element_type=\"widget\" data-e-type=\"widget\" data-widget_type=\"heading.default\">\n\t\t\t\t<div class=\"elementor-widget-container\">\n\t\t\t\t\t<h2 class=\"elementor-heading-title elementor-size-default\">Salons de janvier<\/h2>\t\t\t\t<\/div>\n\t\t\t\t<\/div>\n\t\t\t\t<div class=\"elementor-element elementor-element-4af2531 elementor-grid-2 elementor-posts--align-left elementor-grid-tablet-2 elementor-grid-mobile-1 elementor-posts--thumbnail-top elementor-card-shadow-yes elementor-posts__hover-gradient elementor-widget elementor-widget-posts\" data-id=\"4af2531\" data-element_type=\"widget\" data-e-type=\"widget\" data-settings=\"{&quot;cards_columns&quot;:&quot;2&quot;,&quot;cards_columns_tablet&quot;:&quot;2&quot;,&quot;cards_columns_mobile&quot;:&quot;1&quot;,&quot;cards_row_gap&quot;:{&quot;unit&quot;:&quot;px&quot;,&quot;size&quot;:35,&quot;sizes&quot;:[]},&quot;cards_row_gap_tablet&quot;:{&quot;unit&quot;:&quot;px&quot;,&quot;size&quot;:&quot;&quot;,&quot;sizes&quot;:[]},&quot;cards_row_gap_mobile&quot;:{&quot;unit&quot;:&quot;px&quot;,&quot;size&quot;:&quot;&quot;,&quot;sizes&quot;:[]}}\" data-widget_type=\"posts.cards\">\n\t\t\t\t<div class=\"elementor-widget-container\">\n\t\t\t\t\t\t\t<div class=\"elementor-posts-container elementor-posts elementor-posts--skin-cards elementor-grid\" role=\"list\">\n\t\t\t\t<article class=\"elementor-post elementor-grid-item post-7919 post type-post status-publish format-standard has-post-thumbnail hentry category-salon category-salons-janvier\" role=\"listitem\">\n\t\t\t<div class=\"elementor-post__card\">\n\t\t\t\t<a class=\"elementor-post__thumbnail__link\" href=\"https:\/\/lasdecors.fr\/en\/standiste-pour-le-sirha\/\" tabindex=\"-1\" ><div class=\"elementor-post__thumbnail\"><img loading=\"lazy\" decoding=\"async\" width=\"800\" height=\"600\" src=\"https:\/\/lasdecors.fr\/wp-content\/uploads\/2026\/02\/BONDUELLE_SIRHA.jpg\" class=\"attachment-large size-large wp-image-7079\" alt=\"\" srcset=\"https:\/\/lasdecors.fr\/wp-content\/uploads\/2026\/02\/BONDUELLE_SIRHA.jpg 1000w, https:\/\/lasdecors.fr\/wp-content\/uploads\/2026\/02\/BONDUELLE_SIRHA-300x225.jpg 300w, https:\/\/lasdecors.fr\/wp-content\/uploads\/2026\/02\/BONDUELLE_SIRHA-768x576.jpg 768w\" sizes=\"(max-width: 800px) 100vw, 800px\" title=\"\"><\/div><\/a>\n\t\t\t\t<div class=\"elementor-post__badge\">Salon<\/div>\n\t\t\t\t<div class=\"elementor-post__text\">\n\t\t\t\t<h3 class=\"elementor-post__title\">\n\t\t\t<a href=\"https:\/\/lasdecors.fr\/en\/standiste-pour-le-sirha\/\" >\n\t\t\t\tLe SIRHA\t\t\t<\/a>\n\t\t<\/h3>\n\t\t\t\t<div class=\"elementor-post__excerpt\">\n\t\t\t<p>Le salon Sirha Lyon est le rendez-vous incontournable des professionnels du food service et de l\u2019hospitalit\u00e9.. Du 21 au 25 janvier 2027 \u00e0 Lyon Eurexpo.<br \/>\nRetrouvez comment nous pouvons vous aider en tant que Standiste pour le Sirha !<\/p>\n\t\t<\/div>\n\t\t\n\t\t<a class=\"elementor-post__read-more\" href=\"https:\/\/lasdecors.fr\/en\/standiste-pour-le-sirha\/\" aria-label=\"Read more about Le SIRHA\" tabindex=\"-1\" >\n\t\t\tD\u00c9COUVRIR MAINTENANT\t\t<\/a>\n\n\t\t\t\t<\/div>\n\t\t\t\t\t<\/div>\n\t\t<\/article>\n\t\t\t\t<article class=\"elementor-post elementor-grid-item post-6206 post type-post status-publish format-standard has-post-thumbnail hentry category-salon category-salons-janvier category-salons-septembre\" role=\"listitem\">\n\t\t\t<div class=\"elementor-post__card\">\n\t\t\t\t<a class=\"elementor-post__thumbnail__link\" href=\"https:\/\/lasdecors.fr\/en\/standiste-pour-maison-objet\/\" tabindex=\"-1\" ><div class=\"elementor-post__thumbnail\"><img decoding=\"async\" width=\"800\" height=\"534\" src=\"https:\/\/lasdecors.fr\/wp-content\/uploads\/2025\/11\/OPJET_MAISONOBJET-1024x683.jpg\" class=\"attachment-large size-large wp-image-6208\" alt=\"\" srcset=\"https:\/\/lasdecors.fr\/wp-content\/uploads\/2025\/11\/OPJET_MAISONOBJET-1024x683.jpg 1024w, https:\/\/lasdecors.fr\/wp-content\/uploads\/2025\/11\/OPJET_MAISONOBJET-300x200.jpg 300w, https:\/\/lasdecors.fr\/wp-content\/uploads\/2025\/11\/OPJET_MAISONOBJET-768x512.jpg 768w, https:\/\/lasdecors.fr\/wp-content\/uploads\/2025\/11\/OPJET_MAISONOBJET-1536x1024.jpg 1536w, https:\/\/lasdecors.fr\/wp-content\/uploads\/2025\/11\/OPJET_MAISONOBJET.jpg 1800w\" sizes=\"(max-width: 800px) 100vw, 800px\" title=\"\"><\/div><\/a>\n\t\t\t\t<div class=\"elementor-post__badge\">Salon<\/div>\n\t\t\t\t<div class=\"elementor-post__text\">\n\t\t\t\t<h3 class=\"elementor-post__title\">\n\t\t\t<a href=\"https:\/\/lasdecors.fr\/en\/standiste-pour-maison-objet\/\" >\n\t\t\t\tMaison &#038; Objet 2026\/2027\t\t\t<\/a>\n\t\t<\/h3>\n\t\t\t\t<div class=\"elementor-post__excerpt\">\n\t\t\t<p>Le salon Maison &#038; Objet, c\u2019est l\u2019\u00e9v\u00e9nement international de la fili\u00e8re de la d\u00e9coration, du design et de l\u2019art de vivre. Du 10 au 14 septembre 2026 et du 14 au 18 janvier 2027 au parc des expositions de Villepinte.<br \/>\nRetrouvez comment nous pouvons vous aider en tant que Standiste pour Maison &#038; Objet !<\/p>\n\t\t<\/div>\n\t\t\n\t\t<a class=\"elementor-post__read-more\" href=\"https:\/\/lasdecors.fr\/en\/standiste-pour-maison-objet\/\" aria-label=\"Read more about Maison &#038; Objet 2026\/2027\" tabindex=\"-1\" >\n\t\t\tD\u00c9COUVRIR MAINTENANT\t\t<\/a>\n\n\t\t\t\t<\/div>\n\t\t\t\t\t<\/div>\n\t\t<\/article>\n\t\t\t\t<\/div>\n\t\t\n\t\t\t\t\t\t<\/div>\n\t\t\t\t<\/div>\n\t\t\t\t<\/div>\n\t\t\t\t<\/div>\n\t\t<div class=\"elementor-element elementor-element-24c46b9 e-con-full e-flex wpr-particle-no wpr-jarallax-no wpr-parallax-no wpr-sticky-section-no wpr-column-slider-no wpr-equal-height-no e-con e-child\" data-id=\"24c46b9\" data-element_type=\"container\" data-e-type=\"container\">\n\t\t<div class=\"elementor-element elementor-element-3d22a5e e-con-full e-flex wpr-particle-no wpr-jarallax-no wpr-parallax-no wpr-sticky-section-no wpr-column-slider-no wpr-equal-height-no e-con e-child\" data-id=\"3d22a5e\" data-element_type=\"container\" data-e-type=\"container\">\n\t\t\t\t<div class=\"elementor-element elementor-element-2d6aa30 elementor-widget elementor-widget-heading\" data-id=\"2d6aa30\" data-element_type=\"widget\" data-e-type=\"widget\" data-widget_type=\"heading.default\">\n\t\t\t\t<div class=\"elementor-widget-container\">\n\t\t\t\t\t<h2 class=\"elementor-heading-title elementor-size-default\">Salons de f\u00e9vrier<\/h2>\t\t\t\t<\/div>\n\t\t\t\t<\/div>\n\t\t\t\t<div class=\"elementor-element elementor-element-e4c225f elementor-posts--align-left elementor-grid-3 elementor-grid-tablet-2 elementor-grid-mobile-1 elementor-posts--thumbnail-top elementor-card-shadow-yes elementor-posts__hover-gradient elementor-widget elementor-widget-posts\" data-id=\"e4c225f\" data-element_type=\"widget\" data-e-type=\"widget\" data-settings=\"{&quot;cards_columns&quot;:&quot;3&quot;,&quot;cards_columns_tablet&quot;:&quot;2&quot;,&quot;cards_columns_mobile&quot;:&quot;1&quot;,&quot;cards_row_gap&quot;:{&quot;unit&quot;:&quot;px&quot;,&quot;size&quot;:35,&quot;sizes&quot;:[]},&quot;cards_row_gap_tablet&quot;:{&quot;unit&quot;:&quot;px&quot;,&quot;size&quot;:&quot;&quot;,&quot;sizes&quot;:[]},&quot;cards_row_gap_mobile&quot;:{&quot;unit&quot;:&quot;px&quot;,&quot;size&quot;:&quot;&quot;,&quot;sizes&quot;:[]}}\" data-widget_type=\"posts.cards\">\n\t\t\t\t<div class=\"elementor-widget-container\">\n\t\t\t\t\t\t\t<div class=\"elementor-posts-container elementor-posts elementor-posts--skin-cards elementor-grid\" role=\"list\">\n\t\t\t\t<article class=\"elementor-post elementor-grid-item post-8050 post type-post status-publish format-standard has-post-thumbnail hentry category-salon category-salons-fevrier\" role=\"listitem\">\n\t\t\t<div class=\"elementor-post__card\">\n\t\t\t\t<a class=\"elementor-post__thumbnail__link\" href=\"https:\/\/lasdecors.fr\/en\/standiste-pour-le-pcd\/\" tabindex=\"-1\" ><div class=\"elementor-post__thumbnail\"><img loading=\"lazy\" decoding=\"async\" width=\"800\" height=\"600\" src=\"https:\/\/lasdecors.fr\/wp-content\/uploads\/2026\/08\/TOLY_PCD-1024x768.jpg\" class=\"attachment-large size-large wp-image-8052\" alt=\"\" srcset=\"https:\/\/lasdecors.fr\/wp-content\/uploads\/2026\/08\/TOLY_PCD-1024x768.jpg 1024w, https:\/\/lasdecors.fr\/wp-content\/uploads\/2026\/08\/TOLY_PCD-300x225.jpg 300w, https:\/\/lasdecors.fr\/wp-content\/uploads\/2026\/08\/TOLY_PCD-768x576.jpg 768w, https:\/\/lasdecors.fr\/wp-content\/uploads\/2026\/08\/TOLY_PCD-1536x1152.jpg 1536w, https:\/\/lasdecors.fr\/wp-content\/uploads\/2026\/08\/TOLY_PCD-16x12.jpg 16w, https:\/\/lasdecors.fr\/wp-content\/uploads\/2026\/08\/TOLY_PCD.jpg 2000w\" sizes=\"(max-width: 800px) 100vw, 800px\" title=\"\"><\/div><\/a>\n\t\t\t\t<div class=\"elementor-post__badge\">Salon<\/div>\n\t\t\t\t<div class=\"elementor-post__text\">\n\t\t\t\t<h3 class=\"elementor-post__title\">\n\t\t\t<a href=\"https:\/\/lasdecors.fr\/en\/standiste-pour-le-pcd\/\" >\n\t\t\t\tLe PCD 2027\t\t\t<\/a>\n\t\t<\/h3>\n\t\t\t\t<div class=\"elementor-post__excerpt\">\n\t\t\t<p>PCD Paris\u00a0est le salon qui d\u00e9finit\u00a0l\u2019innovation et le design du packaging\u00a0pour le march\u00e9 mondial de la\u00a0beaut\u00e9\u00a0et des\u00a0soins personnels. Du 3 au 4 f\u00e9vrier \u00e0 Paris Expo Porte de Versailles. Retrouvez comment nous pouvons vous aider en tant que standiste pour le PCD !<\/p>\n\t\t<\/div>\n\t\t\n\t\t<a class=\"elementor-post__read-more\" href=\"https:\/\/lasdecors.fr\/en\/standiste-pour-le-pcd\/\" aria-label=\"Read more about Le PCD 2027\" tabindex=\"-1\" >\n\t\t\tD\u00c9COUVRIR MAINTENANT\t\t<\/a>\n\n\t\t\t\t<\/div>\n\t\t\t\t\t<\/div>\n\t\t<\/article>\n\t\t\t\t<article class=\"elementor-post elementor-grid-item post-7791 post type-post status-publish format-standard has-post-thumbnail hentry category-salon category-salons-fevrier\" role=\"listitem\">\n\t\t\t<div class=\"elementor-post__card\">\n\t\t\t\t<a class=\"elementor-post__thumbnail__link\" href=\"https:\/\/lasdecors.fr\/en\/standiste-pour-le-salon-de-lagriculture\/\" tabindex=\"-1\" ><div class=\"elementor-post__thumbnail\"><img loading=\"lazy\" decoding=\"async\" width=\"800\" height=\"489\" src=\"https:\/\/lasdecors.fr\/wp-content\/uploads\/2026\/07\/AQUITAINE-SIA-1024x626.jpg\" class=\"attachment-large size-large wp-image-7803\" alt=\"\" srcset=\"https:\/\/lasdecors.fr\/wp-content\/uploads\/2026\/07\/AQUITAINE-SIA-1024x626.jpg 1024w, https:\/\/lasdecors.fr\/wp-content\/uploads\/2026\/07\/AQUITAINE-SIA-300x184.jpg 300w, https:\/\/lasdecors.fr\/wp-content\/uploads\/2026\/07\/AQUITAINE-SIA-768x470.jpg 768w, https:\/\/lasdecors.fr\/wp-content\/uploads\/2026\/07\/AQUITAINE-SIA-1536x940.jpg 1536w, https:\/\/lasdecors.fr\/wp-content\/uploads\/2026\/07\/AQUITAINE-SIA-2048x1253.jpg 2048w\" sizes=\"(max-width: 800px) 100vw, 800px\" title=\"\"><\/div><\/a>\n\t\t\t\t<div class=\"elementor-post__badge\">Salon<\/div>\n\t\t\t\t<div class=\"elementor-post__text\">\n\t\t\t\t<h3 class=\"elementor-post__title\">\n\t\t\t<a href=\"https:\/\/lasdecors.fr\/en\/standiste-pour-le-salon-de-lagriculture\/\" >\n\t\t\t\tLe Salon de L\u2019Agriculture 2027\t\t\t<\/a>\n\t\t<\/h3>\n\t\t\t\t<div class=\"elementor-post__excerpt\">\n\t\t\t<p>Le Salon International de l\u2019Agriculture, c\u2019est le rendez-vous incontournable des professionnels, des producteurs, des d\u00e9cideurs et des \u00e9quipementiers du monde agricole et agroalimentaire. Rendez-vous du 27 f\u00e9vrier au 7 mars 2027 \u00e0 Paris Porte de Versailles.<br \/>\nD\u00e9couvrez comment nous pouvons valoriser votre expertise, vos terroirs et vos innovations en tant que standiste pour le Salon de l&rsquo;Agriculture !<\/p>\n\t\t<\/div>\n\t\t\n\t\t<a class=\"elementor-post__read-more\" href=\"https:\/\/lasdecors.fr\/en\/standiste-pour-le-salon-de-lagriculture\/\" aria-label=\"Read more about Le Salon de L\u2019Agriculture 2027\" tabindex=\"-1\" >\n\t\t\tD\u00c9COUVRIR MAINTENANT\t\t<\/a>\n\n\t\t\t\t<\/div>\n\t\t\t\t\t<\/div>\n\t\t<\/article>\n\t\t\t\t<article class=\"elementor-post elementor-grid-item post-5515 post type-post status-publish format-standard has-post-thumbnail hentry category-salon category-salons-fevrier\" role=\"listitem\">\n\t\t\t<div class=\"elementor-post__card\">\n\t\t\t\t<a class=\"elementor-post__thumbnail__link\" href=\"https:\/\/lasdecors.fr\/en\/standiste-pour-cprint-standiste-las-decors\/\" tabindex=\"-1\" ><div class=\"elementor-post__thumbnail\"><img loading=\"lazy\" decoding=\"async\" width=\"800\" height=\"534\" src=\"https:\/\/lasdecors.fr\/wp-content\/uploads\/2025\/11\/3M_stand_CPRINT-1024x683.jpg\" class=\"attachment-large size-large wp-image-6394\" alt=\"\" srcset=\"https:\/\/lasdecors.fr\/wp-content\/uploads\/2025\/11\/3M_stand_CPRINT-1024x683.jpg 1024w, https:\/\/lasdecors.fr\/wp-content\/uploads\/2025\/11\/3M_stand_CPRINT-300x200.jpg 300w, https:\/\/lasdecors.fr\/wp-content\/uploads\/2025\/11\/3M_stand_CPRINT-768x512.jpg 768w, https:\/\/lasdecors.fr\/wp-content\/uploads\/2025\/11\/3M_stand_CPRINT-1536x1024.jpg 1536w, https:\/\/lasdecors.fr\/wp-content\/uploads\/2025\/11\/3M_stand_CPRINT.jpg 1800w\" sizes=\"(max-width: 800px) 100vw, 800px\" title=\"\"><\/div><\/a>\n\t\t\t\t<div class=\"elementor-post__badge\">Salon<\/div>\n\t\t\t\t<div class=\"elementor-post__text\">\n\t\t\t\t<h3 class=\"elementor-post__title\">\n\t\t\t<a href=\"https:\/\/lasdecors.fr\/en\/standiste-pour-cprint-standiste-las-decors\/\" >\n\t\t\t\tC!Print 2027\t\t\t<\/a>\n\t\t<\/h3>\n\t\t\t\t<div class=\"elementor-post__excerpt\">\n\t\t\t<p>Le salon C!PRINT est devenu le rendez-vous de r\u00e9f\u00e9rence pour les professionels de la communication visuelle de la personnalisation, du print et de la cr\u00e9ation graphique. Du 2 au 4 f\u00e9vrier 2027 \u00e0 EurExpo Lyon.<br \/>\nRetrouvez comment nous pouvons vous aider en tant que Standiste pour C!Print !<\/p>\n\t\t<\/div>\n\t\t\n\t\t<a class=\"elementor-post__read-more\" href=\"https:\/\/lasdecors.fr\/en\/standiste-pour-cprint-standiste-las-decors\/\" aria-label=\"Read more about C!Print 2027\" tabindex=\"-1\" >\n\t\t\tD\u00c9COUVRIR MAINTENANT\t\t<\/a>\n\n\t\t\t\t<\/div>\n\t\t\t\t\t<\/div>\n\t\t<\/article>\n\t\t\t\t<\/div>\n\t\t\n\t\t\t\t\t\t<\/div>\n\t\t\t\t<\/div>\n\t\t\t\t<\/div>\n\t\t\t\t<\/div>\n\t\t\t\t<div class=\"elementor-element elementor-element-97c9595 elementor-widget elementor-widget-spacer\" data-id=\"97c9595\" data-element_type=\"widget\" data-e-type=\"widget\" data-widget_type=\"spacer.default\">\n\t\t\t\t<div class=\"elementor-widget-container\">\n\t\t\t\t\t\t\t<div class=\"elementor-spacer\">\n\t\t\t<div class=\"elementor-spacer-inner\"><\/div>\n\t\t<\/div>\n\t\t\t\t\t\t<\/div>\n\t\t\t\t<\/div>\n\t\t\t\t<\/div>\n\t\t<div class=\"elementor-element elementor-element-7ae9fa8 e-flex e-con-boxed wpr-particle-no wpr-jarallax-no wpr-parallax-no wpr-sticky-section-no wpr-column-slider-no wpr-equal-height-no e-con e-parent\" data-id=\"7ae9fa8\" data-element_type=\"container\" data-e-type=\"container\">\n\t\t\t\t\t<div class=\"e-con-inner\">\n\t\t\t\t<div class=\"elementor-element elementor-element-e447400 elementor-widget elementor-widget-heading\" data-id=\"e447400\" data-element_type=\"widget\" data-e-type=\"widget\" data-widget_type=\"heading.default\">\n\t\t\t\t<div class=\"elementor-widget-container\">\n\t\t\t\t\t<h2 class=\"elementor-heading-title elementor-size-default\">SALONS DU PRINTEMPS<\/h2>\t\t\t\t<\/div>\n\t\t\t\t<\/div>\n\t\t<div class=\"elementor-element elementor-element-81821f4 e-con-full e-flex wpr-particle-no wpr-jarallax-no wpr-parallax-no wpr-sticky-section-no wpr-column-slider-no wpr-equal-height-no e-con e-child\" data-id=\"81821f4\" data-element_type=\"container\" data-e-type=\"container\">\n\t\t\t\t<div class=\"elementor-element elementor-element-8ba4a69 elementor-widget elementor-widget-heading\" data-id=\"8ba4a69\" data-element_type=\"widget\" data-e-type=\"widget\" data-widget_type=\"heading.default\">\n\t\t\t\t<div class=\"elementor-widget-container\">\n\t\t\t\t\t<h2 class=\"elementor-heading-title elementor-size-default\">Salons de Mars<\/h2>\t\t\t\t<\/div>\n\t\t\t\t<\/div>\n\t\t\t\t<div class=\"elementor-element elementor-element-dc3134f elementor-posts--align-left elementor-grid-3 elementor-grid-tablet-2 elementor-grid-mobile-1 elementor-posts--thumbnail-top elementor-card-shadow-yes elementor-posts__hover-gradient elementor-widget elementor-widget-posts\" data-id=\"dc3134f\" data-element_type=\"widget\" data-e-type=\"widget\" data-settings=\"{&quot;cards_columns&quot;:&quot;3&quot;,&quot;cards_columns_tablet&quot;:&quot;2&quot;,&quot;cards_columns_mobile&quot;:&quot;1&quot;,&quot;cards_row_gap&quot;:{&quot;unit&quot;:&quot;px&quot;,&quot;size&quot;:35,&quot;sizes&quot;:[]},&quot;cards_row_gap_tablet&quot;:{&quot;unit&quot;:&quot;px&quot;,&quot;size&quot;:&quot;&quot;,&quot;sizes&quot;:[]},&quot;cards_row_gap_mobile&quot;:{&quot;unit&quot;:&quot;px&quot;,&quot;size&quot;:&quot;&quot;,&quot;sizes&quot;:[]}}\" data-widget_type=\"posts.cards\">\n\t\t\t\t<div class=\"elementor-widget-container\">\n\t\t\t\t\t\t\t<div class=\"elementor-posts-container elementor-posts elementor-posts--skin-cards elementor-grid\" role=\"list\">\n\t\t\t\t<article class=\"elementor-post elementor-grid-item post-7461 post type-post status-publish format-standard has-post-thumbnail hentry category-salon category-salons-mars\" role=\"listitem\">\n\t\t\t<div class=\"elementor-post__card\">\n\t\t\t\t<a class=\"elementor-post__thumbnail__link\" href=\"https:\/\/lasdecors.fr\/en\/standiste-pour-heavent-meetings\/\" tabindex=\"-1\" ><div class=\"elementor-post__thumbnail\"><img loading=\"lazy\" decoding=\"async\" width=\"768\" height=\"576\" src=\"https:\/\/lasdecors.fr\/wp-content\/uploads\/2026\/04\/LASDECORS_HEAVENTMEETING-768x576.jpg\" class=\"attachment-medium_large size-medium_large wp-image-7469\" alt=\"\" srcset=\"https:\/\/lasdecors.fr\/wp-content\/uploads\/2026\/04\/LASDECORS_HEAVENTMEETING-768x576.jpg 768w, https:\/\/lasdecors.fr\/wp-content\/uploads\/2026\/04\/LASDECORS_HEAVENTMEETING-300x225.jpg 300w, https:\/\/lasdecors.fr\/wp-content\/uploads\/2026\/04\/LASDECORS_HEAVENTMEETING-1024x768.jpg 1024w, https:\/\/lasdecors.fr\/wp-content\/uploads\/2026\/04\/LASDECORS_HEAVENTMEETING-1536x1152.jpg 1536w, https:\/\/lasdecors.fr\/wp-content\/uploads\/2026\/04\/LASDECORS_HEAVENTMEETING.jpg 1600w\" sizes=\"(max-width: 768px) 100vw, 768px\" title=\"\"><\/div><\/a>\n\t\t\t\t<div class=\"elementor-post__badge\">Salon<\/div>\n\t\t\t\t<div class=\"elementor-post__text\">\n\t\t\t\t<h3 class=\"elementor-post__title\">\n\t\t\t<a href=\"https:\/\/lasdecors.fr\/en\/standiste-pour-heavent-meetings\/\" >\n\t\t\t\tHeavent Meetings 2027\t\t\t<\/a>\n\t\t<\/h3>\n\t\t\t\t<div class=\"elementor-post__excerpt\">\n\t\t\t<p>Le salon Heavent Meetings, c\u2019est le rendez-vous incontournable des professionnels de l\u2019\u00e9v\u00e9nementiel et du tourisme d\u2019affaires. Rendez-vous en mars 2027 au Palais des Festivals de Cannes.<br \/>\nRetrouvez comment nous pouvons vous aider en tant que Standiste pour Heavent Meetings !<\/p>\n\t\t<\/div>\n\t\t\n\t\t<a class=\"elementor-post__read-more\" href=\"https:\/\/lasdecors.fr\/en\/standiste-pour-heavent-meetings\/\" aria-label=\"Read more about Heavent Meetings 2027\" tabindex=\"-1\" >\n\t\t\tD\u00c9COUVRIR MAINTENANT\t\t<\/a>\n\n\t\t\t\t<\/div>\n\t\t\t\t\t<\/div>\n\t\t<\/article>\n\t\t\t\t<article class=\"elementor-post elementor-grid-item post-6813 post type-post status-publish format-standard has-post-thumbnail hentry category-salon category-salons-mars\" role=\"listitem\">\n\t\t\t<div class=\"elementor-post__card\">\n\t\t\t\t<a class=\"elementor-post__thumbnail__link\" href=\"https:\/\/lasdecors.fr\/en\/standiste-pour-le-snack-show\/\" tabindex=\"-1\" ><div class=\"elementor-post__thumbnail\"><img loading=\"lazy\" decoding=\"async\" width=\"768\" height=\"576\" src=\"https:\/\/lasdecors.fr\/wp-content\/uploads\/2026\/01\/LESSIEUR_SNACK-SHOW-768x576.jpg\" class=\"attachment-medium_large size-medium_large wp-image-6833\" alt=\"\" srcset=\"https:\/\/lasdecors.fr\/wp-content\/uploads\/2026\/01\/LESSIEUR_SNACK-SHOW-768x576.jpg 768w, https:\/\/lasdecors.fr\/wp-content\/uploads\/2026\/01\/LESSIEUR_SNACK-SHOW-300x225.jpg 300w, https:\/\/lasdecors.fr\/wp-content\/uploads\/2026\/01\/LESSIEUR_SNACK-SHOW.jpg 1000w\" sizes=\"(max-width: 768px) 100vw, 768px\" title=\"\"><\/div><\/a>\n\t\t\t\t<div class=\"elementor-post__badge\">Salon<\/div>\n\t\t\t\t<div class=\"elementor-post__text\">\n\t\t\t\t<h3 class=\"elementor-post__title\">\n\t\t\t<a href=\"https:\/\/lasdecors.fr\/en\/standiste-pour-le-snack-show\/\" >\n\t\t\t\tLe Snack Show 2027\t\t\t<\/a>\n\t\t<\/h3>\n\t\t\t\t<div class=\"elementor-post__excerpt\">\n\t\t\t<p>Le salon Snack Show, c\u2019est le rendez-vous incontournable des professionnels du snacking et de la restauration rapide. Du 24 au 25 mars 2027 \u00e0 Paris Porte de Versailles.<br \/>\nRetrouvez comment nous pouvons vous aider en tant que Standiste pour le Snack Show !<\/p>\n\t\t<\/div>\n\t\t\n\t\t<a class=\"elementor-post__read-more\" href=\"https:\/\/lasdecors.fr\/en\/standiste-pour-le-snack-show\/\" aria-label=\"Read more about Le Snack Show 2027\" tabindex=\"-1\" >\n\t\t\tD\u00c9COUVRIR MAINTENANT\t\t<\/a>\n\n\t\t\t\t<\/div>\n\t\t\t\t\t<\/div>\n\t\t<\/article>\n\t\t\t\t<article class=\"elementor-post elementor-grid-item post-5478 post type-post status-publish format-standard has-post-thumbnail hentry category-salon category-salons-mars\" role=\"listitem\">\n\t\t\t<div class=\"elementor-post__card\">\n\t\t\t\t<a class=\"elementor-post__thumbnail__link\" href=\"https:\/\/lasdecors.fr\/en\/standiste-pour-embedded-world-las-decors\/\" tabindex=\"-1\" ><div class=\"elementor-post__thumbnail\"><img loading=\"lazy\" decoding=\"async\" width=\"768\" height=\"576\" src=\"https:\/\/lasdecors.fr\/wp-content\/uploads\/2026\/02\/MOUSSER_EMBEDDED-768x576.jpg\" class=\"attachment-medium_large size-medium_large wp-image-7077\" alt=\"Salon Embedded world\" srcset=\"https:\/\/lasdecors.fr\/wp-content\/uploads\/2026\/02\/MOUSSER_EMBEDDED-768x576.jpg 768w, https:\/\/lasdecors.fr\/wp-content\/uploads\/2026\/02\/MOUSSER_EMBEDDED-300x225.jpg 300w, https:\/\/lasdecors.fr\/wp-content\/uploads\/2026\/02\/MOUSSER_EMBEDDED.jpg 1000w\" sizes=\"(max-width: 768px) 100vw, 768px\" title=\"\"><\/div><\/a>\n\t\t\t\t<div class=\"elementor-post__badge\">Salon<\/div>\n\t\t\t\t<div class=\"elementor-post__text\">\n\t\t\t\t<h3 class=\"elementor-post__title\">\n\t\t\t<a href=\"https:\/\/lasdecors.fr\/en\/standiste-pour-embedded-world-las-decors\/\" >\n\t\t\t\tEmbedded world 2027\t\t\t<\/a>\n\t\t<\/h3>\n\t\t\t\t<div class=\"elementor-post__excerpt\">\n\t\t\t<p>Le salon Embedded World c&rsquo;est le rendez-vous de r\u00e9f\u00e9rence pour les technologies embarqu\u00e9es en Europe. Du 16 au 18 mars 2027 au N\u00fcrnbergMesse \u00e0 Nuremberg en Allemagne.<br \/>\nRetrouvez comment nous pouvons vous aider en tant que Standiste pour Embedded World !<\/p>\n\t\t<\/div>\n\t\t\n\t\t<a class=\"elementor-post__read-more\" href=\"https:\/\/lasdecors.fr\/en\/standiste-pour-embedded-world-las-decors\/\" aria-label=\"Read more about Embedded world 2027\" tabindex=\"-1\" >\n\t\t\tD\u00c9COUVRIR MAINTENANT\t\t<\/a>\n\n\t\t\t\t<\/div>\n\t\t\t\t\t<\/div>\n\t\t<\/article>\n\t\t\t\t<\/div>\n\t\t\n\t\t\t\t\t\t<\/div>\n\t\t\t\t<\/div>\n\t\t\t\t<\/div>\n\t\t<div class=\"elementor-element elementor-element-9c5ae73 e-con-full e-flex wpr-particle-no wpr-jarallax-no wpr-parallax-no wpr-sticky-section-no wpr-column-slider-no wpr-equal-height-no e-con e-child\" data-id=\"9c5ae73\" data-element_type=\"container\" data-e-type=\"container\">\n\t\t<div class=\"elementor-element elementor-element-eeca5b7 e-con-full e-flex wpr-particle-no wpr-jarallax-no wpr-parallax-no wpr-sticky-section-no wpr-column-slider-no wpr-equal-height-no e-con e-child\" data-id=\"eeca5b7\" data-element_type=\"container\" data-e-type=\"container\">\n\t\t\t\t<div class=\"elementor-element elementor-element-200c454 elementor-widget elementor-widget-heading\" data-id=\"200c454\" data-element_type=\"widget\" data-e-type=\"widget\" data-widget_type=\"heading.default\">\n\t\t\t\t<div class=\"elementor-widget-container\">\n\t\t\t\t\t<h2 class=\"elementor-heading-title elementor-size-default\">Salons d'avril<\/h2>\t\t\t\t<\/div>\n\t\t\t\t<\/div>\n\t\t\t\t<div class=\"elementor-element elementor-element-be0ef8d elementor-posts--align-left elementor-grid-1 elementor-grid-tablet-2 elementor-grid-mobile-1 elementor-posts--thumbnail-top elementor-card-shadow-yes elementor-posts__hover-gradient elementor-widget elementor-widget-posts\" data-id=\"be0ef8d\" data-element_type=\"widget\" data-e-type=\"widget\" data-settings=\"{&quot;cards_columns&quot;:&quot;1&quot;,&quot;cards_columns_tablet&quot;:&quot;2&quot;,&quot;cards_columns_mobile&quot;:&quot;1&quot;,&quot;cards_row_gap&quot;:{&quot;unit&quot;:&quot;px&quot;,&quot;size&quot;:35,&quot;sizes&quot;:[]},&quot;cards_row_gap_tablet&quot;:{&quot;unit&quot;:&quot;px&quot;,&quot;size&quot;:&quot;&quot;,&quot;sizes&quot;:[]},&quot;cards_row_gap_mobile&quot;:{&quot;unit&quot;:&quot;px&quot;,&quot;size&quot;:&quot;&quot;,&quot;sizes&quot;:[]}}\" data-widget_type=\"posts.cards\">\n\t\t\t\t<div class=\"elementor-widget-container\">\n\t\t\t\t\t\t\t<div class=\"elementor-posts-container elementor-posts elementor-posts--skin-cards elementor-grid\" role=\"list\">\n\t\t\t\t<article class=\"elementor-post elementor-grid-item post-7550 post type-post status-publish format-standard has-post-thumbnail hentry category-salon category-salons-avril category-stand-design\" role=\"listitem\">\n\t\t\t<div class=\"elementor-post__card\">\n\t\t\t\t<a class=\"elementor-post__thumbnail__link\" href=\"https:\/\/lasdecors.fr\/en\/standiste-pour-run-experience\/\" tabindex=\"-1\" ><div class=\"elementor-post__thumbnail\"><img loading=\"lazy\" decoding=\"async\" width=\"800\" height=\"600\" src=\"https:\/\/lasdecors.fr\/wp-content\/uploads\/2026\/02\/KIPRUN_RUNEXPERIENCE.jpg\" class=\"attachment-large size-large wp-image-7074\" alt=\"\" srcset=\"https:\/\/lasdecors.fr\/wp-content\/uploads\/2026\/02\/KIPRUN_RUNEXPERIENCE.jpg 1000w, https:\/\/lasdecors.fr\/wp-content\/uploads\/2026\/02\/KIPRUN_RUNEXPERIENCE-300x225.jpg 300w, https:\/\/lasdecors.fr\/wp-content\/uploads\/2026\/02\/KIPRUN_RUNEXPERIENCE-768x576.jpg 768w\" sizes=\"(max-width: 800px) 100vw, 800px\" title=\"\"><\/div><\/a>\n\t\t\t\t<div class=\"elementor-post__badge\">Salon<\/div>\n\t\t\t\t<div class=\"elementor-post__text\">\n\t\t\t\t<h3 class=\"elementor-post__title\">\n\t\t\t<a href=\"https:\/\/lasdecors.fr\/en\/standiste-pour-run-experience\/\" >\n\t\t\t\tRun Experience 2026\t\t\t<\/a>\n\t\t<\/h3>\n\t\t\t\t<div class=\"elementor-post__excerpt\">\n\t\t\t<p>Le salon  Run Experience  s\u2019impose comme l\u2019\u00e9v\u00e9nement incontournable d\u00e9di\u00e9 \u00e0 l\u2019univers de la course \u00e0 pied, du trail et du bien-\u00eatre sportif. Du 9 au 11 avril 2026 \u00e0 Paris Porte de Verseille.<br \/>\nRetrouvez comment nous pouvons vous aider en tant que standiste pour Run Experience !<\/p>\n\t\t<\/div>\n\t\t\n\t\t<a class=\"elementor-post__read-more\" href=\"https:\/\/lasdecors.fr\/en\/standiste-pour-run-experience\/\" aria-label=\"Read more about Run Experience 2026\" tabindex=\"-1\" >\n\t\t\tD\u00c9COUVRIR MAINTENANT\t\t<\/a>\n\n\t\t\t\t<\/div>\n\t\t\t\t\t<\/div>\n\t\t<\/article>\n\t\t\t\t<\/div>\n\t\t\n\t\t\t\t\t\t<\/div>\n\t\t\t\t<\/div>\n\t\t\t\t<\/div>\n\t\t<div class=\"elementor-element elementor-element-a094795 e-con-full e-flex wpr-particle-no wpr-jarallax-no wpr-parallax-no wpr-sticky-section-no wpr-column-slider-no wpr-equal-height-no e-con e-child\" data-id=\"a094795\" data-element_type=\"container\" data-e-type=\"container\">\n\t\t\t\t<div class=\"elementor-element elementor-element-7aab953 elementor-widget elementor-widget-heading\" data-id=\"7aab953\" data-element_type=\"widget\" data-e-type=\"widget\" data-widget_type=\"heading.default\">\n\t\t\t\t<div class=\"elementor-widget-container\">\n\t\t\t\t\t<h2 class=\"elementor-heading-title elementor-size-default\">Salons de Mai<\/h2>\t\t\t\t<\/div>\n\t\t\t\t<\/div>\n\t\t\t\t<div class=\"elementor-element elementor-element-389b814 elementor-posts--align-left elementor-grid-2 elementor-grid-tablet-2 elementor-grid-mobile-1 elementor-posts--thumbnail-top elementor-card-shadow-yes elementor-posts__hover-gradient elementor-widget elementor-widget-posts\" data-id=\"389b814\" data-element_type=\"widget\" data-e-type=\"widget\" data-settings=\"{&quot;cards_columns&quot;:&quot;2&quot;,&quot;cards_columns_tablet&quot;:&quot;2&quot;,&quot;cards_columns_mobile&quot;:&quot;1&quot;,&quot;cards_row_gap&quot;:{&quot;unit&quot;:&quot;px&quot;,&quot;size&quot;:35,&quot;sizes&quot;:[]},&quot;cards_row_gap_tablet&quot;:{&quot;unit&quot;:&quot;px&quot;,&quot;size&quot;:&quot;&quot;,&quot;sizes&quot;:[]},&quot;cards_row_gap_mobile&quot;:{&quot;unit&quot;:&quot;px&quot;,&quot;size&quot;:&quot;&quot;,&quot;sizes&quot;:[]}}\" data-widget_type=\"posts.cards\">\n\t\t\t\t<div class=\"elementor-widget-container\">\n\t\t\t\t\t\t\t<div class=\"elementor-posts-container elementor-posts elementor-posts--skin-cards elementor-grid\" role=\"list\">\n\t\t\t\t<article class=\"elementor-post elementor-grid-item post-7694 post type-post status-publish format-standard has-post-thumbnail hentry category-salon category-salons-mai\" role=\"listitem\">\n\t\t\t<div class=\"elementor-post__card\">\n\t\t\t\t<a class=\"elementor-post__thumbnail__link\" href=\"https:\/\/lasdecors.fr\/en\/santexpo\/\" tabindex=\"-1\" ><div class=\"elementor-post__thumbnail\"><img loading=\"lazy\" decoding=\"async\" width=\"800\" height=\"534\" src=\"https:\/\/lasdecors.fr\/wp-content\/uploads\/2026\/06\/Roche-Santexpo_1-1024x683.png\" class=\"attachment-large size-large wp-image-7725\" alt=\"Standiste pour santexpo\" srcset=\"https:\/\/lasdecors.fr\/wp-content\/uploads\/2026\/06\/Roche-Santexpo_1-1024x683.png 1024w, https:\/\/lasdecors.fr\/wp-content\/uploads\/2026\/06\/Roche-Santexpo_1-300x200.png 300w, https:\/\/lasdecors.fr\/wp-content\/uploads\/2026\/06\/Roche-Santexpo_1-768x512.png 768w, https:\/\/lasdecors.fr\/wp-content\/uploads\/2026\/06\/Roche-Santexpo_1-1536x1024.png 1536w\" sizes=\"(max-width: 800px) 100vw, 800px\" title=\"\"><\/div><\/a>\n\t\t\t\t<div class=\"elementor-post__badge\">Salon<\/div>\n\t\t\t\t<div class=\"elementor-post__text\">\n\t\t\t\t<h3 class=\"elementor-post__title\">\n\t\t\t<a href=\"https:\/\/lasdecors.fr\/en\/santexpo\/\" >\n\t\t\t\tSantexpo 2027\t\t\t<\/a>\n\t\t<\/h3>\n\t\t\t\t<div class=\"elementor-post__excerpt\">\n\t\t\t<p>Le salon SANTEXPO, c\u2019est le rendez-vous incontournable des professionnels, d\u00e9cideurs et \u00e9quipementiers du monde de la sant\u00e9 et du m\u00e9dico-social. Rendez-vous en mai 2027 \u00e0 Paris Porte de Versailles.<br \/>\nD\u00e9couvrez comment nous pouvons valoriser votre expertise et vos innovations en tant que standiste pour SANTEXPO..<\/p>\n\t\t<\/div>\n\t\t\n\t\t<a class=\"elementor-post__read-more\" href=\"https:\/\/lasdecors.fr\/en\/santexpo\/\" aria-label=\"Read more about Santexpo 2027\" tabindex=\"-1\" >\n\t\t\tD\u00c9COUVRIR MAINTENANT\t\t<\/a>\n\n\t\t\t\t<\/div>\n\t\t\t\t\t<\/div>\n\t\t<\/article>\n\t\t\t\t<article class=\"elementor-post elementor-grid-item post-6961 post type-post status-publish format-standard has-post-thumbnail hentry category-salon category-salons-mai\" role=\"listitem\">\n\t\t\t<div class=\"elementor-post__card\">\n\t\t\t\t<a class=\"elementor-post__thumbnail__link\" href=\"https:\/\/lasdecors.fr\/en\/standiste-pour-world-hydrogen\/\" tabindex=\"-1\" ><div class=\"elementor-post__thumbnail\"><img loading=\"lazy\" decoding=\"async\" width=\"800\" height=\"600\" src=\"https:\/\/lasdecors.fr\/wp-content\/uploads\/2026\/02\/FORVIA_WORLDHYDROGEN.jpg\" class=\"attachment-large size-large wp-image-6967\" alt=\"\" srcset=\"https:\/\/lasdecors.fr\/wp-content\/uploads\/2026\/02\/FORVIA_WORLDHYDROGEN.jpg 1000w, https:\/\/lasdecors.fr\/wp-content\/uploads\/2026\/02\/FORVIA_WORLDHYDROGEN-300x225.jpg 300w, https:\/\/lasdecors.fr\/wp-content\/uploads\/2026\/02\/FORVIA_WORLDHYDROGEN-768x576.jpg 768w\" sizes=\"(max-width: 800px) 100vw, 800px\" title=\"\"><\/div><\/a>\n\t\t\t\t<div class=\"elementor-post__badge\">Salon<\/div>\n\t\t\t\t<div class=\"elementor-post__text\">\n\t\t\t\t<h3 class=\"elementor-post__title\">\n\t\t\t<a href=\"https:\/\/lasdecors.fr\/en\/standiste-pour-world-hydrogen\/\" >\n\t\t\t\tWorld Hydrogen 2026\t\t\t<\/a>\n\t\t<\/h3>\n\t\t\t\t<div class=\"elementor-post__excerpt\">\n\t\t\t<p>Le salon World Hydrogen, c\u2019est le rendez-vous des acteurs cl\u00e9 de la fili\u00e8re hydrog\u00e8ne. Du 19 au 21 au mai 2026 \u00e0 Rotterdam Ahoy \u2013 Pays-Bas.<br \/>\nD\u00e9couvrez notre expertise en tant que  s tandiste pour World Hydrogen !<\/p>\n\t\t<\/div>\n\t\t\n\t\t<a class=\"elementor-post__read-more\" href=\"https:\/\/lasdecors.fr\/en\/standiste-pour-world-hydrogen\/\" aria-label=\"Read more about World Hydrogen 2026\" tabindex=\"-1\" >\n\t\t\tD\u00c9COUVRIR MAINTENANT\t\t<\/a>\n\n\t\t\t\t<\/div>\n\t\t\t\t\t<\/div>\n\t\t<\/article>\n\t\t\t\t<\/div>\n\t\t\n\t\t\t\t\t\t<\/div>\n\t\t\t\t<\/div>\n\t\t\t\t<\/div>\n\t\t\t\t<\/div>\n\t\t\t\t<div class=\"elementor-element elementor-element-ab9d017 elementor-widget elementor-widget-spacer\" data-id=\"ab9d017\" data-element_type=\"widget\" data-e-type=\"widget\" data-widget_type=\"spacer.default\">\n\t\t\t\t<div class=\"elementor-widget-container\">\n\t\t\t\t\t\t\t<div class=\"elementor-spacer\">\n\t\t\t<div class=\"elementor-spacer-inner\"><\/div>\n\t\t<\/div>\n\t\t\t\t\t\t<\/div>\n\t\t\t\t<\/div>\n\t\t\t\t\t<\/div>\n\t\t\t\t<\/div>\n\t\t<div class=\"elementor-element elementor-element-2f33ac1 e-flex e-con-boxed wpr-particle-no wpr-jarallax-no wpr-parallax-no wpr-sticky-section-no wpr-column-slider-no wpr-equal-height-no e-con e-parent\" data-id=\"2f33ac1\" data-element_type=\"container\" data-e-type=\"container\">\n\t\t\t\t\t<div class=\"e-con-inner\">\n\t\t\t\t<div class=\"elementor-element elementor-element-11cfb4e elementor-widget elementor-widget-heading\" data-id=\"11cfb4e\" data-element_type=\"widget\" data-e-type=\"widget\" data-widget_type=\"heading.default\">\n\t\t\t\t<div class=\"elementor-widget-container\">\n\t\t\t\t\t<h2 class=\"elementor-heading-title elementor-size-default\">SALONS De l'\u00e9t\u00e9<\/h2>\t\t\t\t<\/div>\n\t\t\t\t<\/div>\n\t\t<div class=\"elementor-element elementor-element-ef72c5b e-con-full e-flex wpr-particle-no wpr-jarallax-no wpr-parallax-no wpr-sticky-section-no wpr-column-slider-no wpr-equal-height-no e-con e-child\" data-id=\"ef72c5b\" data-element_type=\"container\" data-e-type=\"container\">\n\t\t<div class=\"elementor-element elementor-element-bdaf549 e-con-full e-flex wpr-particle-no wpr-jarallax-no wpr-parallax-no wpr-sticky-section-no wpr-column-slider-no wpr-equal-height-no e-con e-child\" data-id=\"bdaf549\" data-element_type=\"container\" data-e-type=\"container\">\n\t\t\t\t<div class=\"elementor-element elementor-element-ebd8493 elementor-widget elementor-widget-heading\" data-id=\"ebd8493\" data-element_type=\"widget\" data-e-type=\"widget\" data-widget_type=\"heading.default\">\n\t\t\t\t<div class=\"elementor-widget-container\">\n\t\t\t\t\t<h2 class=\"elementor-heading-title elementor-size-default\">Salons de juin<\/h2>\t\t\t\t<\/div>\n\t\t\t\t<\/div>\n\t\t\t\t<div class=\"elementor-element elementor-element-a2d39d0 elementor-grid-1 elementor-posts--align-left elementor-grid-tablet-2 elementor-grid-mobile-1 elementor-posts--thumbnail-top elementor-card-shadow-yes elementor-posts__hover-gradient elementor-widget elementor-widget-posts\" data-id=\"a2d39d0\" data-element_type=\"widget\" data-e-type=\"widget\" data-settings=\"{&quot;cards_columns&quot;:&quot;1&quot;,&quot;cards_columns_tablet&quot;:&quot;2&quot;,&quot;cards_columns_mobile&quot;:&quot;1&quot;,&quot;cards_row_gap&quot;:{&quot;unit&quot;:&quot;px&quot;,&quot;size&quot;:35,&quot;sizes&quot;:[]},&quot;cards_row_gap_tablet&quot;:{&quot;unit&quot;:&quot;px&quot;,&quot;size&quot;:&quot;&quot;,&quot;sizes&quot;:[]},&quot;cards_row_gap_mobile&quot;:{&quot;unit&quot;:&quot;px&quot;,&quot;size&quot;:&quot;&quot;,&quot;sizes&quot;:[]}}\" data-widget_type=\"posts.cards\">\n\t\t\t\t<div class=\"elementor-widget-container\">\n\t\t\t\t\t\t\t<div class=\"elementor-posts-container elementor-posts elementor-posts--skin-cards elementor-grid\" role=\"list\">\n\t\t\t\t<article class=\"elementor-post elementor-grid-item post-5403 post type-post status-publish format-standard has-post-thumbnail hentry category-salon category-salons-juin\" role=\"listitem\">\n\t\t\t<div class=\"elementor-post__card\">\n\t\t\t\t<a class=\"elementor-post__thumbnail__link\" href=\"https:\/\/lasdecors.fr\/en\/standiste-pour-siae-2027-as-decors\/\" tabindex=\"-1\" ><div class=\"elementor-post__thumbnail\"><img loading=\"lazy\" decoding=\"async\" width=\"800\" height=\"600\" src=\"https:\/\/lasdecors.fr\/wp-content\/uploads\/2026\/02\/GOODYEAR_SIAE_1-1024x768.jpg?ver=1787649834\" class=\"attachment-large size-large wp-image-6949\" alt=\"\" srcset=\"https:\/\/lasdecors.fr\/wp-content\/uploads\/2026\/02\/GOODYEAR_SIAE_1-1024x768.jpg 1024w, https:\/\/lasdecors.fr\/wp-content\/uploads\/2026\/02\/GOODYEAR_SIAE_1-300x225.jpg 300w, https:\/\/lasdecors.fr\/wp-content\/uploads\/2026\/02\/GOODYEAR_SIAE_1-768x576.jpg 768w, https:\/\/lasdecors.fr\/wp-content\/uploads\/2026\/02\/GOODYEAR_SIAE_1-1536x1152.jpg 1536w, https:\/\/lasdecors.fr\/wp-content\/uploads\/2026\/02\/GOODYEAR_SIAE_1.jpg 2000w\" sizes=\"(max-width: 800px) 100vw, 800px\" title=\"\"><\/div><\/a>\n\t\t\t\t<div class=\"elementor-post__badge\">Salon<\/div>\n\t\t\t\t<div class=\"elementor-post__text\">\n\t\t\t\t<h3 class=\"elementor-post__title\">\n\t\t\t<a href=\"https:\/\/lasdecors.fr\/en\/standiste-pour-siae-2027-as-decors\/\" >\n\t\t\t\tSIAE 2027\t\t\t<\/a>\n\t\t<\/h3>\n\t\t\t\t<div class=\"elementor-post__excerpt\">\n\t\t\t<p>Le salon SIAE est l\u2019\u00e9v\u00e9nement majeur de l\u2019industrie a\u00e9ronautique mondiale. Du 14 au 20 juin 2027 \u00e0 Parc des Expo Le Bourget \u00e0 Paris.<br \/>\nRetrouvez comment nous pouvons vous aider en tant que Standiste pour  SIAE !<\/p>\n\t\t<\/div>\n\t\t\n\t\t<a class=\"elementor-post__read-more\" href=\"https:\/\/lasdecors.fr\/en\/standiste-pour-siae-2027-as-decors\/\" aria-label=\"Read more about SIAE 2027\" tabindex=\"-1\" >\n\t\t\tD\u00c9COUVRIR MAINTENANT\t\t<\/a>\n\n\t\t\t\t<\/div>\n\t\t\t\t\t<\/div>\n\t\t<\/article>\n\t\t\t\t<\/div>\n\t\t\n\t\t\t\t\t\t<\/div>\n\t\t\t\t<\/div>\n\t\t\t\t<\/div>\n\t\t<div class=\"elementor-element elementor-element-d848fb1 e-con-full e-flex wpr-particle-no wpr-jarallax-no wpr-parallax-no wpr-sticky-section-no wpr-column-slider-no wpr-equal-height-no e-con e-child\" data-id=\"d848fb1\" data-element_type=\"container\" data-e-type=\"container\" data-settings=\"{&quot;background_background&quot;:&quot;classic&quot;}\">\n\t\t\t\t<div class=\"elementor-element elementor-element-a16ead6 elementor-widget elementor-widget-heading\" data-id=\"a16ead6\" data-element_type=\"widget\" data-e-type=\"widget\" data-widget_type=\"heading.default\">\n\t\t\t\t<div class=\"elementor-widget-container\">\n\t\t\t\t\t<h2 class=\"elementor-heading-title elementor-size-default\">Salons de Juillet<\/h2>\t\t\t\t<\/div>\n\t\t\t\t<\/div>\n\t\t\t\t<div class=\"elementor-element elementor-element-4daa5f0 elementor-grid-1 elementor-posts--align-left elementor-grid-tablet-2 elementor-grid-mobile-1 elementor-posts--thumbnail-top elementor-card-shadow-yes elementor-posts__hover-gradient elementor-widget elementor-widget-posts\" data-id=\"4daa5f0\" data-element_type=\"widget\" data-e-type=\"widget\" data-settings=\"{&quot;cards_columns&quot;:&quot;1&quot;,&quot;cards_columns_tablet&quot;:&quot;2&quot;,&quot;cards_columns_mobile&quot;:&quot;1&quot;,&quot;cards_row_gap&quot;:{&quot;unit&quot;:&quot;px&quot;,&quot;size&quot;:35,&quot;sizes&quot;:[]},&quot;cards_row_gap_tablet&quot;:{&quot;unit&quot;:&quot;px&quot;,&quot;size&quot;:&quot;&quot;,&quot;sizes&quot;:[]},&quot;cards_row_gap_mobile&quot;:{&quot;unit&quot;:&quot;px&quot;,&quot;size&quot;:&quot;&quot;,&quot;sizes&quot;:[]}}\" data-widget_type=\"posts.cards\">\n\t\t\t\t<div class=\"elementor-widget-container\">\n\t\t\t\t\t\t\t<div class=\"elementor-posts-container elementor-posts elementor-posts--skin-cards elementor-grid\" role=\"list\">\n\t\t\t\t<article class=\"elementor-post elementor-grid-item post-5458 post type-post status-publish format-standard has-post-thumbnail hentry category-salon category-salons-juillet\" role=\"listitem\">\n\t\t\t<div class=\"elementor-post__card\">\n\t\t\t\t<a class=\"elementor-post__thumbnail__link\" href=\"https:\/\/lasdecors.fr\/en\/standiste-pour-la-japan-expo-lasdecors\/\" tabindex=\"-1\" ><div class=\"elementor-post__thumbnail\"><img loading=\"lazy\" decoding=\"async\" width=\"800\" height=\"534\" src=\"https:\/\/lasdecors.fr\/wp-content\/uploads\/2026\/07\/RUE-DE-SEVRE_3-1024x683.png\" class=\"attachment-large size-large wp-image-7775\" alt=\"\" srcset=\"https:\/\/lasdecors.fr\/wp-content\/uploads\/2026\/07\/RUE-DE-SEVRE_3-1024x683.png 1024w, https:\/\/lasdecors.fr\/wp-content\/uploads\/2026\/07\/RUE-DE-SEVRE_3-300x200.png 300w, https:\/\/lasdecors.fr\/wp-content\/uploads\/2026\/07\/RUE-DE-SEVRE_3-768x512.png 768w, https:\/\/lasdecors.fr\/wp-content\/uploads\/2026\/07\/RUE-DE-SEVRE_3-1536x1024.png 1536w\" sizes=\"(max-width: 800px) 100vw, 800px\" title=\"\"><\/div><\/a>\n\t\t\t\t<div class=\"elementor-post__badge\">Salon<\/div>\n\t\t\t\t<div class=\"elementor-post__text\">\n\t\t\t\t<h3 class=\"elementor-post__title\">\n\t\t\t<a href=\"https:\/\/lasdecors.fr\/en\/standiste-pour-la-japan-expo-lasdecors\/\" >\n\t\t\t\tLa Japan Expo 2027\t\t\t<\/a>\n\t\t<\/h3>\n\t\t\t\t<div class=\"elementor-post__excerpt\">\n\t\t\t<p>La Japan Expo c\u2019est la convention europ\u00e9en d\u00e9di\u00e9 \u00e0 la culture pop et traditionnelle japonaise. Du 8 au 11 juillet 2026 au Parc des expositions de Villepinte.<br \/>\nRetrouvez comment nous pouvons vous aider en tant que standiste pour la Japan Expo !<\/p>\n\t\t<\/div>\n\t\t\n\t\t<a class=\"elementor-post__read-more\" href=\"https:\/\/lasdecors.fr\/en\/standiste-pour-la-japan-expo-lasdecors\/\" aria-label=\"Read more about La Japan Expo 2027\" tabindex=\"-1\" >\n\t\t\tD\u00c9COUVRIR MAINTENANT\t\t<\/a>\n\n\t\t\t\t<\/div>\n\t\t\t\t\t<\/div>\n\t\t<\/article>\n\t\t\t\t<\/div>\n\t\t\n\t\t\t\t\t\t<\/div>\n\t\t\t\t<\/div>\n\t\t\t\t<\/div>\n\t\t\t\t<\/div>\n\t\t\t\t<div class=\"elementor-element elementor-element-14c29a5 elementor-widget elementor-widget-spacer\" data-id=\"14c29a5\" data-element_type=\"widget\" data-e-type=\"widget\" data-widget_type=\"spacer.default\">\n\t\t\t\t<div class=\"elementor-widget-container\">\n\t\t\t\t\t\t\t<div class=\"elementor-spacer\">\n\t\t\t<div class=\"elementor-spacer-inner\"><\/div>\n\t\t<\/div>\n\t\t\t\t\t\t<\/div>\n\t\t\t\t<\/div>\n\t\t\t\t\t<\/div>\n\t\t\t\t<\/div>\n\t\t\t\t<\/div>","protected":false},"excerpt":{"rendered":"<p>AGENDA DES SALONS PROFESSIONELS SALONS De l&rsquo;automne Salons de Septembre Salons d&rsquo;octobre Salons de novembre SALONS DE L&rsquo;HIVER Salons de d\u00e9cembre Salons de janvier Salons de f\u00e9vrier SALONS DU PRINTEMPS Salons de Mars Salons d&rsquo;avril Salons de Mai SALONS De l&rsquo;\u00e9t\u00e9 Salons de juin Salons de Juillet<\/p>","protected":false},"author":1,"featured_media":0,"parent":0,"menu_order":0,"comment_status":"closed","ping_status":"closed","template":"","meta":{"_acf_changed":false,"footnotes":""},"folder":[],"class_list":["post-3561","page","type-page","status-publish","hentry"],"acf":[],"_links":{"self":[{"href":"https:\/\/lasdecors.fr\/en\/wp-json\/wp\/v2\/pages\/3561","targetHints":{"allow":["GET"]}}],"collection":[{"href":"https:\/\/lasdecors.fr\/en\/wp-json\/wp\/v2\/pages"}],"about":[{"href":"https:\/\/lasdecors.fr\/en\/wp-json\/wp\/v2\/types\/page"}],"author":[{"embeddable":true,"href":"https:\/\/lasdecors.fr\/en\/wp-json\/wp\/v2\/users\/1"}],"replies":[{"embeddable":true,"href":"https:\/\/lasdecors.fr\/en\/wp-json\/wp\/v2\/comments?post=3561"}],"version-history":[{"count":93,"href":"https:\/\/lasdecors.fr\/en\/wp-json\/wp\/v2\/pages\/3561\/revisions"}],"predecessor-version":[{"id":8069,"href":"https:\/\/lasdecors.fr\/en\/wp-json\/wp\/v2\/pages\/3561\/revisions\/8069"}],"wp:attachment":[{"href":"https:\/\/lasdecors.fr\/en\/wp-json\/wp\/v2\/media?parent=3561"}],"wp:term":[{"taxonomy":"folder","embeddable":true,"href":"https:\/\/lasdecors.fr\/en\/wp-json\/wp\/v2\/folder?post=3561"}],"curies":[{"name":"wp","href":"https:\/\/api.w.org\/{rel}","templated":true}]}}